{"id":453,"date":"2023-11-02T23:57:09","date_gmt":"2023-11-02T21:57:09","guid":{"rendered":"https:\/\/edenwood.be\/?page_id=453"},"modified":"2023-11-05T19:20:27","modified_gmt":"2023-11-05T17:20:27","slug":"biographie","status":"publish","type":"page","link":"https:\/\/edenwood.be\/index.php\/biographie\/","title":{"rendered":"Biographie"},"content":{"rendered":"\n<h2 class=\"wp-block-heading\"><strong>Edenwood Duo, d\u00e9couvrez les classiques de demain!<\/strong><\/h2>\n\n\n\n<p>Catherine Struys * guitare classique &amp; Wouter Vercruysse * violoncelle<\/p>\n\n\n\n<p><\/p>\n\n\n\n<p class=\"has-text-align-left\">Form\u00e9s aupr\u00e8s de grands noms de la musique de chambre en Belgique tels que Sophie Hallynck et Guy Danel et laur\u00e9at du prestigieux Concours International L\u00e9opold Bellan en 2017, le duo Edenwood, fond\u00e9 en 2016, s\u2019est fix\u00e9 comme objectif de promouvoir le r\u00e9pertoire originalement \u00e9crit pour guitare et violoncelle.<\/p>\n\n\n\n<p class=\"has-text-align-left\">Sans cesse en qu\u00eate de nouvelles oeuvres et suscitant des compositeurs \u00e0 \u00e9crire pour cette formation, le duo Edenwood a d\u00e9j\u00e0 a son actif quelques belles cr\u00e9ations: <em>Suite for cello and guitar<\/em> d\u2019Alan Charlton (enregistr\u00e9 en Premi\u00e8re Mondiale sur l\u2019album <em>Cloud and Mirrors<\/em> paru sous le label Et\u2019Cetera Records), <em>Meditation<\/em> de Michel Lysight et <em>Soledad<\/em> d\u2019Armand Coeck (enregistr\u00e9s en Premi\u00e8re Mondiale sur l\u2019album <em>Another Place<\/em> &#8211; A Croch\u2019Note Production), <em>Episodics<\/em> du compositeur am\u00e9ricain Nathan Kolosko, <em>Canticum Maris<\/em> d\u2019Armand Coeck et <em>S\u00e9r\u00e9nade<\/em> de Nicolas Meunier (enregistr\u00e9s en premi\u00e8re mondiale sur l\u2019album <em>Light Blue<\/em>) \u2026<\/p>\n\n\n\n<p class=\"has-text-align-left\">Le duo Edenwood se produit r\u00e9guli\u00e8rement en Belgique et \u00e0 l\u2019\u00e9tranger dans des salles telles que la <em>Royal Academy of Music<\/em> de Londres, le <em>Bijloke<\/em> de Gand, le <em>Palais des Beaux-Arts<\/em> de Charleroi\u2026 et dans des festivals internationaux tels que le <em>Cap Ferret International Music Festival<\/em>, le festival <em>Millesources<\/em>, le <em>Zomer van Sint-Pieter, Festi-Classique<\/em>\u2026<\/p>\n\n\n\n<p class=\"has-text-align-left\">Edenwood Duo compte d\u00e9j\u00e0 4 albums \u00e0 son actif dont le dernier album, <em>Light Blue, <\/em>paru chez<em> Et\u2019Cetera Records <\/em>en d\u00e9cembre 2021 et proposant un r\u00e9pertoire original dont une s\u00e9lection de pi\u00e8ces d\u00e9di\u00e9es au duo.<\/p>\n","protected":false},"excerpt":{"rendered":"<p>Edenwood Duo, d\u00e9couvrez les classiques de demain! Catherine Struys * guitare classique &amp; Wouter Vercruysse * violoncelle Form\u00e9s aupr\u00e8s de grands noms de la musique &hellip;<\/p>\n","protected":false},"author":1,"featured_media":475,"parent":0,"menu_order":0,"comment_status":"closed","ping_status":"closed","template":"","meta":{"footnotes":""},"class_list":["post-453","page","type-page","status-publish","has-post-thumbnail","hentry"],"_links":{"self":[{"href":"https:\/\/edenwood.be\/index.php\/wp-json\/wp\/v2\/pages\/453","targetHints":{"allow":["GET"]}}],"collection":[{"href":"https:\/\/edenwood.be\/index.php\/wp-json\/wp\/v2\/pages"}],"about":[{"href":"https:\/\/edenwood.be\/index.php\/wp-json\/wp\/v2\/types\/page"}],"author":[{"embeddable":true,"href":"https:\/\/edenwood.be\/index.php\/wp-json\/wp\/v2\/users\/1"}],"replies":[{"embeddable":true,"href":"https:\/\/edenwood.be\/index.php\/wp-json\/wp\/v2\/comments?post=453"}],"version-history":[{"count":4,"href":"https:\/\/edenwood.be\/index.php\/wp-json\/wp\/v2\/pages\/453\/revisions"}],"predecessor-version":[{"id":550,"href":"https:\/\/edenwood.be\/index.php\/wp-json\/wp\/v2\/pages\/453\/revisions\/550"}],"wp:featuredmedia":[{"embeddable":true,"href":"https:\/\/edenwood.be\/index.php\/wp-json\/wp\/v2\/media\/475"}],"wp:attachment":[{"href":"https:\/\/edenwood.be\/index.php\/wp-json\/wp\/v2\/media?parent=453"}],"curies":[{"name":"wp","href":"https:\/\/api.w.org\/{rel}","templated":true}]}}