{"id":506,"date":"2023-11-04T20:14:31","date_gmt":"2023-11-04T18:14:31","guid":{"rendered":"https:\/\/edenwood.be\/?page_id=506"},"modified":"2023-11-05T21:19:25","modified_gmt":"2023-11-05T19:19:25","slug":"saison-precedentes","status":"publish","type":"page","link":"https:\/\/edenwood.be\/index.php\/saison-precedentes\/","title":{"rendered":"Saisons pr\u00e9c\u00e9dentes"},"content":{"rendered":"\n<h2 class=\"wp-block-heading\"><strong>2023<\/strong><\/h2>\n\n\n\n<ul class=\"wp-block-list\">\n<li>08.01.2023 &nbsp;Sint Joris concerten &#8211; Bredevoort (Nederland)<\/li>\n\n\n\n<li>03.02.2023 &nbsp;De Kleine Stooringhe Rumbeke &#8211; Roeselare (Belgium)<\/li>\n\n\n\n<li>19.02.2023 &nbsp;Travers Emotion &#8211; Incourt (Belgium)<\/li>\n\n\n\n<li>26.02.2023&nbsp; Chamber Music for Europe &#8211; Brussels Royal Yacht Club (BRYC) &#8211; Brussels (Belgium)<\/li>\n\n\n\n<li>19.03.2023 &nbsp;Kasteel de Renesse &#8211; Malle &nbsp;(Belgium)<\/li>\n\n\n\n<li>14.05.2023  Atelier Marcel Hastir &#8211; Bruxelles (Belgium)<\/li>\n\n\n\n<li>21.05.2023 &nbsp;Huis Kernhem &#8211; Ede (Netherlands)<\/li>\n\n\n\n<li>08.07.2023 &nbsp;Festival des Jardins &#8211; Bruxelles (Belgium)<\/li>\n\n\n\n<li>19.07.2023 &nbsp;Central Massif Tour &#8211; Le Falgoux (France)<\/li>\n\n\n\n<li>20.07.2023 &nbsp;Central Massif Tour &#8211; Pierrefort (France)<\/li>\n\n\n\n<li>22.07.2023 &nbsp;Central Massif Tour &#8211; Montarnal (France)<\/li>\n<\/ul>\n\n\n\n<p><\/p>\n\n\n\n<h2 class=\"wp-block-heading\"><strong>2022<\/strong><\/h2>\n\n\n\n<ul class=\"wp-block-list\">\n<li>13.02.2022&nbsp;&nbsp;Cultuurkapel Odulphus &#8211; Dendermonde (Belgium)<\/li>\n\n\n\n<li>06.03.2022 &nbsp;Stichting Kamermuziek Zeeland &#8211; Middelburg (Nederland)<\/li>\n\n\n\n<li>01.04.2022 &nbsp;Middagconcerten in AMUZ &#8211; Antwerpen (Belgium) <\/li>\n\n\n\n<li>24.04.2022 &nbsp;with Emma Rhebergen * violin&nbsp;&#8211;&nbsp;Pulcheria &#8211; Wilfried Westerlinck concert &#8211; Leuven (Belgium)<\/li>\n\n\n\n<li>12.05.2022 &nbsp;Namusiq&rsquo; &#8211; Foyer du Th\u00e9\u00e2tre &#8211; Namur (Belgium)<\/li>\n\n\n\n<li>31.05.2022 &nbsp;Citizens\u2019 Garden European Parliament, Brussels (Belgium)<\/li>\n\n\n\n<li>02.07.2022 &nbsp;Musica@Parola &#8211; Sint-Martens-Bodegem (Belgium)<\/li>\n\n\n\n<li>15, 16 &amp; 17.09.2022&nbsp;&nbsp;Vacances ou presque &#8211; Les Tourelles &#8211; Le Crotoy (France)<\/li>\n\n\n\n<li>09.10.2022 &nbsp;Klankdomein&rsquo;22 &#8211; Antwerpen (Belgium)<\/li>\n\n\n\n<li>06.11.2022 &nbsp;Kunst in het kerk &#8211; Velp (Nederland)<\/li>\n<\/ul>\n\n\n\n<p><\/p>\n\n\n\n<h2 class=\"wp-block-heading\">2021<\/h2>\n\n\n\n<ul class=\"wp-block-list\">\n<li>11.02.2021 &nbsp;Facebook &amp; YouTube Live concert<\/li>\n\n\n\n<li>01.04.2021 &nbsp;Facebook &amp; YouTube Live concert<\/li>\n\n\n\n<li>from 15 till 17.04.2021 &nbsp;Recordings new album Edenwood duo &#8211; Arsonic Mons (Belgium)<\/li>\n\n\n\n<li>09.05.2021 &nbsp;Edenwood duo &amp; Lucie Burton, Delphine Dutoit &#8211;&nbsp;Concert pour Petites Pattes \/ Concert voor Kleine Pootjes &#8211;&nbsp;Beeldenstorm &#8211; Brussels (Belgium)<\/li>\n\n\n\n<li>28.05.2021 &nbsp;Edenwood duo &amp; Lucie Burton, Delphine Dutoit &#8211; Concert voor Kleine Pootjes &#8211;&nbsp;GC De Kroon &#8211; Berchem-Sainte-Agathe (Belgium)<\/li>\n\n\n\n<li>06.06.2020 &nbsp;Edenwood duo &amp; Lucie Burton, Delphine Dutoit &#8211; Concert voor Kleine Pootjes &#8211;&nbsp;CC Essegem &#8211; Brussels (Belgium)<\/li>\n\n\n\n<li>04.06.2021 &nbsp;Edenwood duo &amp; Lucie Burton &#8211;&nbsp;Concert pour Petites Pattes &#8211;&nbsp;Ecole 8 &#8211; Ixelles (Belgium)<\/li>\n\n\n\n<li>12.06.2021 &nbsp;Rosario &#8211; Biev\u00e8ne (Belgium)<\/li>\n\n\n\n<li>20.06.2021 &nbsp;Edenwood duo &amp; Lucie Burton, Delphine Dutoit-&nbsp;Concert pour Petites Pattes \/ Concert voor Kleine Pootjes &#8211;&nbsp;Maison du Peuple &#8211; Saint-Gilles (Belgium)<\/li>\n\n\n\n<li>26.06.2021 &nbsp;Kasteelconcerten Ravenhof &#8211; Stabroek (Belgium)<\/li>\n\n\n\n<li>14.07.2021 &nbsp;Eglise Notre-Dame d&rsquo;Aynes &#8211; Montarnal (France)<\/li>\n\n\n\n<li>20.07.2021 &nbsp;Eglise Saint Jean-Baptiste &#8211; Pierrefort (France)<\/li>\n\n\n\n<li>22.07.2021 &nbsp;Salle Polyvalente &#8211; Vitrac (France)<\/li>\n\n\n\n<li>27.07.2021 &nbsp;Pianofabriek &#8211; Brussels (Belgium)<\/li>\n\n\n\n<li>31.07.2021 &nbsp;Koethuis &#8211; Gent (Belgium)<\/li>\n\n\n\n<li>from 01 till 03.08.2021 &#8211; 18:00 &nbsp;Les Sorbiers &#8211; Givet (Belgium)<\/li>\n\n\n\n<li>28.10.2021 &nbsp;CD Release \u00ab\u00a0Light Blue\u00a0\u00bb &#8211;&nbsp;Arsonic &#8211; Mons (Belgium)<\/li>\n<\/ul>\n\n\n\n<p><\/p>\n\n\n\n<h2 class=\"wp-block-heading\">2020<\/h2>\n\n\n\n<ul class=\"wp-block-list\">\n<li>18.01.2020 &nbsp;Sint Mark&rsquo;s Unitarian Church &#8211; Edinburgh (United Kingdom)<\/li>\n\n\n\n<li>08.02.2020 &nbsp;Casa Veronica &#8211; Bruxelles (Belgium)<\/li>\n\n\n\n<li>08.03.2020&nbsp;&nbsp;Festival van Vlaanderen &#8211; Kortrijk (Belgium)<\/li>\n\n\n\n<li>17.03.2020 &nbsp;Maison des Musiques &#8211; Bruxelles (Belgium) &#8211; POSTPONED COVID-19 PANDEMY<\/li>\n\n\n\n<li>29.03.2020  Edenwood duo &amp; Lucie Burton &#8211; \u00ab\u00a0Concert pour Petites Pattes\u00a0\u00bb &#8211; POSTPONED COVID-19 PANDEMY<\/li>\n\n\n\n<li>05.04.2020 &nbsp;Stichting Kamermuziek Zeeland &#8211; Middelburg (Nederland) &#8211; POSTPONED COVID-19 PANDEMIE<\/li>\n\n\n\n<li>05.06.2020 &nbsp;Middagconcerten AMUZ &#8211; Antwerpen (Belgium) &#8211; POSTPONED COVID-19 PANDEMY<\/li>\n\n\n\n<li>25.06.2020&nbsp;&nbsp;Private concert &#8211; Brussels (Belgium)<\/li>\n\n\n\n<li>03.07.2020 &nbsp;Concerten in de tuin &#8211; Plantentuin van Meise (Belgium)<\/li>\n\n\n\n<li>11.07.2020 &nbsp;Juillet Musical d&rsquo;Aulne&nbsp;&#8211; Aulne (Belgium) &#8211; CANCELED COVID-19 PANDEMY<\/li>\n\n\n\n<li>July 2020 &nbsp;Tourn\u00e9e Massif Central (France) &#8211; POSTPONED COVID-19 PANDEMY<\/li>\n\n\n\n<li>10 &amp; 11.08.2020&nbsp;&nbsp;Concert aux Tourelles &#8211; Le Crotoy (France)<\/li>\n\n\n\n<li>29.10.2020&nbsp;&nbsp;Private concert &#8211; Brussels (Belgium)<\/li>\n\n\n\n<li>01.11.2020  Stichting Kamermuziek Zeeland &#8211; Middelburg (Nederland) &#8211; POSTPONED COVID-19 PANDEMIE<\/li>\n\n\n\n<li>03.11.2020&nbsp;&nbsp;Private concert &#8211; Brussels (Belgium)<\/li>\n\n\n\n<li>22.11.2020  Hollands College &#8211; Leuven (Belgium) &#8211; POSTPONED COVID-19 PANDEMY<\/li>\n\n\n\n<li>26.11.2020  Namusiq&rsquo; &#8211; Foyer du Th\u00e9\u00e2tre &#8211; Namur (Belgium) &#8211; POSTPONED COVID-19 PANDEMY<\/li>\n\n\n\n<li>05.12.2020  Kasteelconcerten Ravenhof &#8211; Stabroek (Belgium) &#8211; POSTPONED COVID-19 PANDEMY<\/li>\n\n\n\n<li>18.12.2020 &nbsp;Middagconcerten AMUZ &#8211; Antwerpen (Belgium) &#8211; POSTPONED COVID-19 PANDEMY<\/li>\n\n\n\n<li>19.12.2020  &nbsp;Beeldenstorm &#8211; Anderlecht (Belgium)&nbsp; &nbsp; CANCELLED COVID-19 PANDEMY<\/li>\n<\/ul>\n\n\n\n<p><\/p>\n\n\n\n<h2 class=\"wp-block-heading\">2019<\/h2>\n\n\n\n<ul class=\"wp-block-list\">\n<li>18.01.2019 &nbsp;<strong>&nbsp;<\/strong><a href=\"http:\/\/beeldenstorm.be\/web\/agenda-item\/nieuwjaarsreceptie-reception-de-nouvel-an-2019\/\">Beeldenstorm<\/a>&nbsp;&#8211; Bruxelles (Belgium)<\/li>\n\n\n\n<li>20.01.2019 <strong>&nbsp;<\/strong><a rel=\"noreferrer noopener\" href=\"http:\/\/ateliermarcelhastir.eu\/agenda\/another-place-edenwood-duo-catherine-struys-guitare-classique-et-wouter-vercruysse-violoncelle\/\" target=\"_blank\">Atelier Marcel Hastir<\/a>&nbsp;&#8211; Bruxelles (Belgium)<\/li>\n\n\n\n<li>17.02.2019 &nbsp;<a rel=\"noreferrer noopener\" href=\"http:\/\/www.ccwevelgem.be\/agenda\/e\/edenwood-duo-romantico-apero-classico\/df075f4e-5e54-43cf-9db7-d8814c15816a\" target=\"_blank\">CC Wevelgem<\/a>&nbsp;(Belgium)<\/li>\n\n\n\n<li>24.03.2019<strong>&nbsp;<\/strong><a rel=\"noreferrer noopener\" href=\"https:\/\/www.guitare-en-fete.com\/\" target=\"_blank\">Chambre \u00e0 Part<\/a>&nbsp;&#8211; Salle Allende &#8211; Lille (France)<\/li>\n\n\n\n<li>31.03.2019 <strong>&nbsp;<\/strong><a rel=\"noreferrer noopener\" href=\"https:\/\/www.uitinvlaanderen.be\/agenda\/e\/kamermuziekconcert\/1fdc4e8f-6f57-4afd-ad0d-fa8b81737569\" target=\"_blank\">Stadhuis<\/a>&nbsp;&#8211; Aalst (Belgium)<\/li>\n\n\n\n<li>07.04.2019 <strong>&nbsp;<\/strong><a rel=\"noreferrer noopener\" href=\"https:\/\/www.uitinvlaanderen.be\/agenda\/e\/romantico-door-edenwood-duo\/f1bd54a1-463f-4af3-a382-ce3e8dd7dfb7\" target=\"_blank\">Begijnhof &#8211; Diksmuide<\/a>&nbsp;(Belgium)<\/li>\n\n\n\n<li>27.04.2019 <strong>&nbsp;<\/strong>Lebbeke (Belgium)<\/li>\n\n\n\n<li>15.06.2019 &nbsp;Edenwood duo &amp; Lucie Burton *<strong>&nbsp;<\/strong><em>\u00ab\u00a0Concert pour petites pattes\u00a0\u00bb &#8211;&nbsp;<\/em><a rel=\"noreferrer noopener\" href=\"http:\/\/www.acrochnoteartists.com\/fs\/Root\/e4d69-A4.pdf\" target=\"_blank\">Atelier Jojo<\/a>&nbsp;&#8211; Bruxelles (Belgium)<\/li>\n\n\n\n<li>21.06.2019 <strong>&nbsp;<\/strong><a rel=\"noreferrer noopener\" href=\"https:\/\/www.eccart.be\/programme-billetterie\/21-juin-edenwood\/\" target=\"_blank\">Espace EccART<\/a>&nbsp;&#8211; Profondsart (Belgium)<\/li>\n\n\n\n<li>07.07.2019 <strong>&nbsp;<\/strong><a rel=\"noreferrer noopener\" href=\"https:\/\/www.facebook.com\/events\/311497543081950\/\" target=\"_blank\">Chateau de Montarnal<\/a>&nbsp;&#8211; Senergues (France)<\/li>\n\n\n\n<li>09.07.2019 <strong>&nbsp;<\/strong><a rel=\"noreferrer noopener\" href=\"https:\/\/www.facebook.com\/events\/913986295614527\/\" target=\"_blank\">Chapelle de Turlande<\/a>&nbsp;&#8211; Paulhanc (France)<\/li>\n\n\n\n<li>11.07.2019 <strong>&nbsp;<\/strong><a rel=\"noreferrer noopener\" href=\"https:\/\/www.facebook.com\/events\/1131787390340099\/\" target=\"_blank\">Eglise Saint Jean-Baptiste<\/a>&nbsp;&#8211; Pierrefort (France)<\/li>\n\n\n\n<li>21.07.2019 <strong>&nbsp;<\/strong><em>C\u00e9r\u00e9monie de la F\u00eate Nationale &#8211;&nbsp;<\/em>H\u00f4tel de Ville de Wavre &#8211; Wavre (Belgium)<\/li>\n\n\n\n<li>14.08.2019 <strong>&nbsp;<\/strong><a rel=\"noreferrer noopener\" href=\"https:\/\/www.30cc.be\/nl\/programma\/item\/zomer-van-sint-pieter-2019-edenwood-duo\" target=\"_blank\">Zomer van Sint-Pieter<\/a>&nbsp;&#8211; Leuven (Belgium)<\/li>\n\n\n\n<li>16.08.2019 <strong>&nbsp;<\/strong><a rel=\"noreferrer noopener\" href=\"http:\/\/www.millesources.org\/content\/concerts\/2019_08_16_festival\/index.php\" target=\"_blank\">Festival 1000 Sources<\/a>&nbsp;&#8211; Saint-Pantal\u00e9on-de-Lapleau (France)<\/li>\n\n\n\n<li>18.08.2019 <strong>&nbsp;<\/strong><a rel=\"noreferrer noopener\" href=\"http:\/\/www.millesources.org\/content\/concerts\/2019_08_18_festival\/index.php\" target=\"_blank\">Festival 1000 Sources<\/a>&nbsp;&#8211; Soudeilles (France)<\/li>\n\n\n\n<li>28.09.2019 <strong>&nbsp;<\/strong>CD Release! &#8211;&nbsp;<a rel=\"noreferrer noopener\" href=\"https:\/\/forms.office.com\/Pages\/ResponsePage.aspx?id=DQSIkWdsW0yxEjajBLZtrQAAAAAAAAAAAAMAAOKen71UOTVRTzVRSDY4M05DOTRDNktBQU9HRFFJMi4u\" target=\"_blank\">Chapelle de Lindthout<\/a>&nbsp;&#8211; Bruxelles (Belgium)<\/li>\n\n\n\n<li>06.10.2019 <strong>&nbsp;<\/strong><a rel=\"noreferrer noopener\" href=\"https:\/\/forms.office.com\/Pages\/ResponsePage.aspx?id=sAafLmkWiUWHiRCgaTTcYa09AEOtKlJIu2Z_qo2iEedUQ1pDOEhURkFGNU84REVNT0gzOVpJUDNTVS4u&amp;fbclid=IwAR25J2uik4kNjt-aJJ-mMcS4qC_vTn5bhAizS9L5NHpXx_Zm59lL-RrL1TY\" target=\"_blank\">Royal Academy of Music<\/a>&nbsp;&#8211; Londres (Great-Britain)<\/li>\n\n\n\n<li>13.10.2019 <strong>&nbsp;<\/strong><a rel=\"noreferrer noopener\" href=\"http:\/\/www.platformconcerten.be\/\" target=\"_blank\">Platform<\/a>&nbsp;&#8211; Antwerpen (Belgium)<\/li>\n\n\n\n<li>21.10.2019 <strong>&nbsp;<\/strong><a rel=\"noreferrer noopener\" href=\"https:\/\/cifal-flanders.org\/activity\/un-day-flanders-2\/\" target=\"_blank\">UN Day Flanders<\/a>&nbsp;&#8211; Flemish Parliament &#8211; Brussels (Belgium)<\/li>\n\n\n\n<li>15.11.2019 <strong>&nbsp;<\/strong><a rel=\"noreferrer noopener\" href=\"http:\/\/www.ccrixensart.be\/index.php?option=com_content&amp;view=category&amp;layout=blog&amp;id=46&amp;Itemid=77\" target=\"_blank\">Centre Culturel de Rixensart<\/a>&nbsp;&#8211; Rixensart (Belgium)<\/li>\n\n\n\n<li>07.12.2019&nbsp;&nbsp;Private concert &#8211; Brussels (Belgium)<\/li>\n\n\n\n<li>12.12.2019 &nbsp;Edenwood duo &amp; Lucie Burton &#8211; &lsquo;Concert pour Petites Pattes&rsquo; &#8211;<strong>&nbsp;<\/strong>Beeldenstorm &#8211; Bruxelles (Belgium)<\/li>\n\n\n\n<li>21.12.2019 &#8211; 15:00 (FR) &amp; 17:00 (NL)&nbsp;&nbsp;Edenwood duo &amp; Lucie Burton &#8211; &lsquo;Concert pour Petites Pattes&rsquo; <strong>&#8211;&nbsp;<\/strong><a rel=\"noreferrer noopener\" href=\"http:\/\/beeldenstorm.be\/web\/agenda-item\/yulefest-familievoorstelling-met-dansfilm-klokkenluiders\/\" target=\"_blank\">Beeldenstorm<\/a>&nbsp;&#8211; Bruxelles (Belgium)<\/li>\n<\/ul>\n\n\n\n<p><\/p>\n\n\n\n<h2 class=\"wp-block-heading\">2018<\/h2>\n\n\n\n<ul class=\"wp-block-list\">\n<li>01.02.2018 &nbsp;CD Release \u00ab\u00a0The GCM Project\u00a0\u00bb &#8211;<strong>&nbsp;<\/strong><a rel=\"noreferrer noopener\" href=\"http:\/\/www.acrochnoteartists.com\/fs\/Root\/dnvup-2018_02_01_CD_Release.pdf\" target=\"_blank\">Pianofabriek<\/a>&nbsp;&#8211; Bruxelles (Belgium)<\/li>\n\n\n\n<li>17.02.2018 &nbsp;<a rel=\"noreferrer noopener\" href=\"http:\/\/www.kultuurschuur.org\/\" target=\"_blank\">Kultuurschuur<\/a>&nbsp;&#8211; Wetteren (Belgium)<\/li>\n\n\n\n<li>22.02.2018 <strong>&nbsp;<\/strong>De Overkant &#8211; Ouddorp (Nederland)<\/li>\n\n\n\n<li><strong>1<\/strong>8.03.2018 &nbsp;<a rel=\"noreferrer noopener\" href=\"http:\/\/www.huiskernhem.nl\/concerten\/\" target=\"_blank\">Huis Kernhem<\/a>&nbsp;&#8211; Ede (Nederland)<\/li>\n\n\n\n<li>20.05.2018 &nbsp;<a rel=\"noreferrer noopener\" href=\"https:\/\/heuremusicale.wordpress.com\/\" target=\"_blank\">L&rsquo;Heure Musicale<\/a>&nbsp;&#8211; Bruxelles (Belgium)<\/li>\n\n\n\n<li>25.05.2018 &nbsp;<a rel=\"noreferrer noopener\" href=\"http:\/\/www.ccwevelgem.be\/seizoen1819\" target=\"_blank\">CC Wevelgem<\/a>&nbsp;(pr\u00e9sentation de la saison 2018-2019)&nbsp;&#8211; Wevelgem (Belgium)<\/li>\n\n\n\n<li>01.06.2018 &nbsp;Stadsmuseum &lsquo;tSchippershof &#8211; Menen (Belgium)<\/li>\n\n\n\n<li>19.07.2018 &nbsp;<a rel=\"noreferrer noopener\" href=\"http:\/\/www.acrochnoteartists.com\/fs\/Root\/dumax-2018_07_19_Pierrefort_affiche2_.pdf\" target=\"_blank\">Eglise Saint-Jean Baptiste<\/a>&nbsp;&#8211; Pierrefort (France)<\/li>\n\n\n\n<li>17.08.2018  <a rel=\"noreferrer noopener\" href=\"https:\/\/www.bijloke.be\/programma\/646\/Gitaar_amp_Cello\/Edenwood_Duo\/\" target=\"_blank\">Bijloke<\/a>&nbsp;&#8211; Gand (Belgium)<\/li>\n\n\n\n<li>from 27 till 30.08.2018 CD recordings &#8211; Profondsart (Belgium)<\/li>\n\n\n\n<li>28.09.2018 <a rel=\"noreferrer noopener\" href=\"http:\/\/www.acrochnoteartists.com\/fs\/Root\/dwfn3-2018_09_28_Ename_affiche.pdf\" target=\"_blank\">Sint-Laurentiuskerk<\/a>&nbsp;&#8211; Ename (Belgium)<\/li>\n\n\n\n<li>24.10.2018 Beeldenstorm &#8211; Bruxelles (Belgium)<\/li>\n\n\n\n<li>10.11.2018 Saint-Gilles&nbsp;(Belgium)<\/li>\n\n\n\n<li>13.12.2018 <a rel=\"noreferrer noopener\" href=\"http:\/\/stgillesculture.irisnet.be\/Edenwood-Duo?lang=fr&amp;retour=1\" target=\"_blank\">Maison du Peuple de Saint-Gilles<\/a>&nbsp;(Belgium)<\/li>\n<\/ul>\n\n\n\n<h2 class=\"wp-block-heading\">2017<\/h2>\n\n\n\n<ul class=\"wp-block-list\">\n<li>21.01.2017 Pianofabriek &#8211;&nbsp;Bruxelles (Belgium)<\/li>\n\n\n\n<li>12.03.2017 Festival Banad&nbsp;&#8211; Bruxelles (Belgium)<\/li>\n\n\n\n<li>10.04.2017 La Marlagne &#8211; Wepion (Belgium)<\/li>\n\n\n\n<li>29.04.2017 Harelbeke (Belgium)<\/li>\n\n\n\n<li>30.04.2017 \u00ab\u00a0Le Printemps de la Guitare\u00a0\u00bb&nbsp;<strong>&#8211;<\/strong>&nbsp;Charleroi (Belgium)<\/li>\n\n\n\n<li>22.05.2017 &nbsp;CD recordings \u00ab\u00a0The GCM Project\u00a0\u00bb (Pianofabriek &#8211; Bruxelles)<\/li>\n\n\n\n<li>22 &amp; 23.06.2017 CD recordings<em> \u00ab\u00a0Suite for celle and guitar\u00a0\u00bb &#8211; Alan Charlton<\/em><\/li>\n\n\n\n<li>11.07.2017 <a rel=\"noreferrer noopener\" href=\"https:\/\/www.capferretmusicfestival.com\/equipe.html\" target=\"_blank\">Cap Ferret Music Festival<\/a>&nbsp;&#8211; Chapelle de l&rsquo;Herbe &#8211; Cap Ferret (France)<\/li>\n\n\n\n<li>from 7 till 14.07.2017 <em>Masterclasses with de Guy Danel&nbsp;<\/em>&nbsp;&#8211; Cap Ferret (Belgium)<\/li>\n\n\n\n<li>17 &amp; 18.07.2017 <em>video recording&nbsp;&#8211;<\/em><strong><em><strong>&nbsp;<\/strong><\/em><\/strong>Pianofabriek &#8211; Bruxelles (Belgium)<\/li>\n\n\n\n<li>26.07.2017 <a rel=\"noreferrer noopener\" href=\"http:\/\/www.zomeravondconcerten.com\/Event\/\" target=\"_blank\">Zomeravondconcerten<\/a>&nbsp;&#8211; Oostkappele (Nederland)<\/li>\n\n\n\n<li>23.09.2017 <a rel=\"noreferrer noopener\" href=\"http:\/\/ateliermarcelhastir.eu\/agenda\/romantico-edenwood-duo-catherine-struys-guitare-classique-wouter-vercruysse-violoncelle-oeuvres-de-r-bellafronte-a-charlton-n-koshkin-r-gnattali-a-coeck\/\" target=\"_blank\">Atelier Marcel Hastir<\/a>&nbsp;&#8211; Bruxelles (Belgium)<\/li>\n\n\n\n<li>28.09.2017 Private event &#8211; Bruxelles (Belgium)<\/li>\n\n\n\n<li>22.10.2017 <a rel=\"noreferrer noopener\" href=\"http:\/\/www.acrochnoteartists.com\/fs\/Root\/djs7d-2017_10_22_Edenwood_Koetshuis_Gent.pdf\" target=\"_blank\">Koetshuis<\/a>&nbsp;&#8211; Gent (Belgium)<\/li>\n\n\n\n<li>from 01 till 05.11.2017 L\u00e9opold Bellan International Music Competition &#8211; Paris (France)<\/li>\n\n\n\n<li>12.11.2017<strong>&nbsp;<\/strong><a rel=\"noreferrer noopener\" href=\"http:\/\/www.culture1080cultuur.be\/fr\/agenda\/categorie\/Karreveld_Classic\/5120\/\" target=\"_blank\">Ch\u00e2teau du Karreveld<\/a>&nbsp;&#8211; Bruxelles (Belgium)<\/li>\n\n\n\n<li>12.12.2017 <a rel=\"noreferrer noopener\" href=\"http:\/\/www.pba.be\/fr\/59\/525\/endenwood-duo\" target=\"_blank\">Palais des Beaux-Arts<\/a>&nbsp;&#8211;&nbsp;Charleroi (Belgium)<\/li>\n<\/ul>\n","protected":false},"excerpt":{"rendered":"<p>2023 2022 2021 2020 2019 2018 2017<\/p>\n","protected":false},"author":1,"featured_media":508,"parent":0,"menu_order":0,"comment_status":"closed","ping_status":"closed","template":"","meta":{"footnotes":""},"class_list":["post-506","page","type-page","status-publish","has-post-thumbnail","hentry"],"_links":{"self":[{"href":"https:\/\/edenwood.be\/index.php\/wp-json\/wp\/v2\/pages\/506","targetHints":{"allow":["GET"]}}],"collection":[{"href":"https:\/\/edenwood.be\/index.php\/wp-json\/wp\/v2\/pages"}],"about":[{"href":"https:\/\/edenwood.be\/index.php\/wp-json\/wp\/v2\/types\/page"}],"author":[{"embeddable":true,"href":"https:\/\/edenwood.be\/index.php\/wp-json\/wp\/v2\/users\/1"}],"replies":[{"embeddable":true,"href":"https:\/\/edenwood.be\/index.php\/wp-json\/wp\/v2\/comments?post=506"}],"version-history":[{"count":3,"href":"https:\/\/edenwood.be\/index.php\/wp-json\/wp\/v2\/pages\/506\/revisions"}],"predecessor-version":[{"id":565,"href":"https:\/\/edenwood.be\/index.php\/wp-json\/wp\/v2\/pages\/506\/revisions\/565"}],"wp:featuredmedia":[{"embeddable":true,"href":"https:\/\/edenwood.be\/index.php\/wp-json\/wp\/v2\/media\/508"}],"wp:attachment":[{"href":"https:\/\/edenwood.be\/index.php\/wp-json\/wp\/v2\/media?parent=506"}],"curies":[{"name":"wp","href":"https:\/\/api.w.org\/{rel}","templated":true}]}}